{"id":923,"date":"2022-03-08T10:03:02","date_gmt":"2022-03-08T10:03:02","guid":{"rendered":"https:\/\/can-cun.es\/?page_id=923"},"modified":"2022-03-08T10:04:43","modified_gmt":"2022-03-08T10:04:43","slug":"privacy-policy","status":"publish","type":"page","link":"https:\/\/can-cun.es\/en\/privacy-policy\/","title":{"rendered":"Privacy Policy"},"content":{"rendered":"<p>[et_pb_section fb_built=&#8221;1&#8243; _builder_version=&#8221;4.14.7&#8243; _module_preset=&#8221;default&#8221; global_colors_info=&#8221;{}&#8221; theme_builder_area=&#8221;post_content&#8221;][et_pb_row _builder_version=&#8221;4.14.7&#8243; _module_preset=&#8221;default&#8221; global_colors_info=&#8221;{}&#8221; theme_builder_area=&#8221;post_content&#8221;][et_pb_column type=&#8221;4_4&#8243; _builder_version=&#8221;4.14.7&#8243; _module_preset=&#8221;default&#8221; global_colors_info=&#8221;{}&#8221; theme_builder_area=&#8221;post_content&#8221;][et_pb_text _builder_version=&#8221;4.14.7&#8243; _module_preset=&#8221;default&#8221; global_colors_info=&#8221;{}&#8221; theme_builder_area=&#8221;post_content&#8221;]<\/p>\n<h1>POL\u00cdTICA DE PRIVACIDAD<\/h1>\n<p>El objetivo de esta pol\u00edtica es informar a los interesados acerca de los distintos tratamientos realizados por esta organizaci\u00f3n mediante la p\u00e1gina web y que afecten a sus datos personales de conformidad con lo establecido en la Ley Org\u00e1nica 3\/2018, de 5 de diciembre, de Protecci\u00f3n de Datos Personales y garant\u00eda de los derechos digitales y el Reglamento (UE) 2016\/679 del Parlamento Europeo y del Consejo de 27 de abril de 2016.<\/p>\n<h2>1. Identificaci\u00f3n del responsable del tratamiento<\/h2>\n<p>La organizaci\u00f3n <span>EL LLOSAR DE TIBI<\/span>, S.L. domicilio social en <span>Av. Miriam Blasco<\/span>, 6, CP <span>03540<\/span>, de Alicante con C.I.F. <span>B-54663786<\/span>, tel\u00e9fono de contacto: 722 68 26 93 y correo electr\u00f3nico info@can-cun.es.<\/p>\n<h2>2. Finalidades del tratamiento de sus datos personales<\/h2>\n<p>USUARIOS\/NAVEGANTES DE LA P\u00c1GINA WEB DEL RESPONSABLE.<br \/>\nTrataremos sus datos de car\u00e1cter personal facilitados a trav\u00e9s de nuestros formularios web para:<br \/>\n\u25cf Atender a las solicitudes, quejas e incidencias trasladadas a trav\u00e9s de nuestros canales de contacto incorporados en la p\u00e1gina web.<br \/>\n\u25cf Entender el comportamiento del navegante dentro de la web con el fin de detectar posibles ataques inform\u00e1ticos a nuestra web.<br \/>\n\u25cf Cumplir con las obligaciones legales que nos resulten directamente aplicables y regulen nuestra actividad.<br \/>\n\u25cf Para proteger y ejercer nuestros derechos o responder ante reclamaciones de cualquier \u00edndole.<br \/>\n\u25cf En su caso, env\u00edo de comunicaciones comerciales relativas a los bienes o servicios que conforman nuestra actividad., y\/o noticias o boletines relacionados con nuestro sector.<br \/>\n\u25cf Gestionar, administrar, supervisar su actividad en el blog\/foro incorporado.<\/p>\n<h2>3. Base jur\u00eddica del tratamiento<\/h2>\n<p>USUARIOS\/NAVEGANTES EN LA P\u00c1GINA WEB DEL RESPONSABLE.<br \/>\n\u25cf En el consentimiento que nos has prestado para tratar tus datos con las finalidades indicadas. La negativa a facilitar sus datos personales conllevara la imposibilidad de tratar sus datos con las finalidades mencionadas.<br \/>\n\u25cf Para cumplir con las obligaciones legales que se nos aplican. En este caso, el interesado no podr\u00e1 negarse al tratamiento de los datos personales.<br \/>\n\u25cf En nuestro inter\u00e9s leg\u00edtimo de proteger nuestra imagen, negocio y trayectoria evitando ataques a nuestra p\u00e1gina web. En este caso, el interesado no podr\u00e1 negarse al tratamiento de los datos personales, aunque podr\u00e1 ejercer, en su caso, los derechos reconocidos en el apartado octavos de la presente pol\u00edtica.<\/p>\n<h2>4. Plazos o criterios de conservaci\u00f3n de los datos<\/h2>\n<p>Los datos personales proporcionados se conservar\u00e1n durante el tiempo necesario para cumplir con las finalidades para los que fueron recopilados inicialmente.<br \/>\nUna vez que los datos dejen de ser necesarios para el tratamiento en cuesti\u00f3n, estos se mantendr\u00e1n debidamente bloqueados para, en su caso, ponerlos a disposici\u00f3n de las Administraciones y Organismos P\u00fablicas competentes, Jueces y Tribunales o el Ministerio Fiscal, durante el plazo de prescripci\u00f3n de las acciones que pudieran derivarse de la relaci\u00f3n mantenida con el cliente y\/o los plazos de conservaci\u00f3n previstos legalmente.<\/p>\n<h2>5. Decisiones automatizadas y elaboraci\u00f3n de perfiles<\/h2>\n<p>La p\u00e1gina web no toma decisiones automatizadas ni elabora perfiles.<\/p>\n<h2>6. Destinatarios<\/h2>\n<p>Durante el periodo de duraci\u00f3n del tratamiento de sus datos personales, organizaci\u00f3n podr\u00e1 ceder sus datos a los siguientes destinatarios:<br \/>\n\u2794 Jueces y Tribunales.<br \/>\n\u2794 Fuerzas y Cuerpos de Seguridad del Estado.<br \/>\n\u2794 Otras autoridades u organismos p\u00fablicos competentes, cuando el responsable tenga la obligaci\u00f3n legal de facilitar los datos personales.<\/p>\n<h2>7. Transferencias internacionales de datos<\/h2>\n<p>La organizaci\u00f3n no realiza Transferencia Internacional de Datos alguna.<\/p>\n<h2>8. Derechos<\/h2>\n<p>Los interesados podr\u00e1n ejercer en cualquier momento y de forma totalmente gratuita los derechos de acceso, rectificaci\u00f3n y supresi\u00f3n, as\u00ed como solicitar que se limite el tratamiento de sus datos personales, oponerse al mismo, solicitar la portabilidad de estos (siempre que sea t\u00e9cnicamente posible) o retirar el consentimiento prestado, y en su caso, cuando proceda, a no ser objeto de una decisi\u00f3n basada \u00fanicamente en un tratamiento automatizado, incluido la elaboraci\u00f3n de perfiles.<br \/>\nPara ello podr\u00e1 emplear los formularios habilitados por la organizaci\u00f3n, o bien dirigir un escrito a la direcci\u00f3n postal o correo electr\u00f3nico arriba indicadas. En cualquier caso, su solicitud deber\u00e1 acompa\u00f1arse de una fotocopia de su D.N.I. o documento equivalente, con la finalidad de acreditar su identidad.<br \/>\nEn caso de que sienta vulnerados sus derechos en lo concerniente a la protecci\u00f3n de sus datos personales, especialmente cuando no haya obtenido satisfacci\u00f3n en el ejercicio de sus derechos, puede presentar una reclamaci\u00f3n ante la Autoridad de Control en materia de Protecci\u00f3n de Datos competente (Agencia Espa\u00f1ola de Protecci\u00f3n de Datos), a trav\u00e9s de su sitio web: www.agpd.es.<br \/>\nEn cumplimiento de lo dispuesto en el art\u00edculo 21 de la Ley 34\/2002 de servicios de la sociedad de la informaci\u00f3n y comercio electr\u00f3nico, si usted no desea recibir m\u00e1s informaci\u00f3n sobre nuestros servicios, puede darse de baja enviando un correo electr\u00f3nico a la direcci\u00f3n info@can-cun.es, con asunto \u201cBAJAS\u201d.<\/p>\n<h2>9. Veridicidad de los de datos<\/h2>\n<p>El interesado garantiza que los datos aportados son verdaderos, exactos, completos y se encuentran actualizados; comprometi\u00e9ndose a informar de cualquier cambio respecto de los datos que aportara, por los canales habilitados al efecto e indicados en el punto uno de la presente pol\u00edtica. Ser\u00e1 responsable de cualquier da\u00f1o o perjuicio, tanto directo como indirecto, que pudiera ocasionar como consecuencia del incumplimiento de la presente obligaci\u00f3n.<br \/>\nEn el supuesto de que el usuario facilite datos de terceros, declara que cuenta con el consentimiento de los interesados y se compromete a trasladarle la informaci\u00f3n contenida en esta cl\u00e1usula, eximiendo a la organizaci\u00f3n de cualquier responsabilidad derivada por la falta de cumplimiento de la presente obligaci\u00f3n.<\/p>\n<h2>10. Redes sociales<\/h2>\n<p>Las Redes Sociales forman parte del d\u00eda a d\u00eda de muchos usuarios de Internet, y para ellos la Entidad ha creado distintos perfiles en algunas de ellas.<br \/>\nTodos los usuarios que visitan nuestra p\u00e1gina web tienen la oportunidad de unirse a nuestras redes sociales o grupos.<br \/>\nSin embargo, debes tener en cuenta que, salvo que le solicitemos sus datos directamente (por ejemplo, mediante acciones de marketing, concursos, promociones, o cualquier otra forma v\u00e1lida), sus datos pertenecer\u00e1n a la Red Social correspondiente, por lo que le recomendamos que lea detenidamente sus condiciones de uso y pol\u00edticas de privacidad, as\u00ed como, se asegure de configurar sus preferencias en cuanto al tratamiento de los datos.<\/p>\n<h2>11. Modificaciones\/actualizaci\u00f3n<\/h2>\n<p>La presente pol\u00edtica de privacidad puede verse modificada\/actualizada en funci\u00f3n de las exigencias legales establecidas o con la finalidad de adaptar dicha pol\u00edtica a las instrucciones dictadas por la Agencia Espa\u00f1ola de Protecci\u00f3n de Datos o cambios en nuestro sitio web.<br \/>\nPor esta raz\u00f3n, aconsejamos a los usuarios que visiten peri\u00f3dicamente nuestra pol\u00edtica de privacidad.<br \/>\nSi tiene dudas acerca de esta pol\u00edtica, puede contactar con CAN-CUN, S.L. a trav\u00e9s del siguiente correo electr\u00f3nico: info@can-cun.es.<br \/>\n<em>\u00daltima revisi\u00f3n: 25 de febrero de 2022<\/em>[\/et_pb_text][\/et_pb_column][\/et_pb_row][\/et_pb_section]<\/p>\n","protected":false},"excerpt":{"rendered":"<p>POL\u00cdTICA DE PRIVACIDAD El objetivo de esta pol\u00edtica es informar a los interesados acerca de los distintos tratamientos realizados por esta organizaci\u00f3n mediante la p\u00e1gina web y que afecten a sus datos personales de conformidad con lo establecido en la Ley Org\u00e1nica 3\/2018, de 5 de diciembre, de Protecci\u00f3n de Datos Personales y garant\u00eda de [&hellip;]<\/p>\n","protected":false},"author":1,"featured_media":0,"parent":0,"menu_order":0,"comment_status":"closed","ping_status":"closed","template":"","meta":{"_et_pb_use_builder":"on","_et_pb_old_content":"","_et_gb_content_width":"","footnotes":""},"class_list":["post-923","page","type-page","status-publish","hentry"],"yoast_head":"<!-- This site is optimized with the Yoast SEO plugin v18.1 - https:\/\/yoast.com\/wordpress\/plugins\/seo\/ -->\n<title>Privacy Policy - Can-Cun | Residencia canina en Alicante<\/title>\n<meta name=\"robots\" content=\"index, follow, max-snippet:-1, max-image-preview:large, max-video-preview:-1\" \/>\n<link rel=\"canonical\" href=\"https:\/\/can-cun.es\/en\/privacy-policy\/\" \/>\n<meta property=\"og:locale\" content=\"en_US\" \/>\n<meta property=\"og:type\" content=\"article\" \/>\n<meta property=\"og:title\" content=\"Privacy Policy - Can-Cun | Residencia canina en Alicante\" \/>\n<meta property=\"og:description\" content=\"POL\u00cdTICA DE PRIVACIDAD El objetivo de esta pol\u00edtica es informar a los interesados acerca de los distintos tratamientos realizados por esta organizaci\u00f3n mediante la p\u00e1gina web y que afecten a sus datos personales de conformidad con lo establecido en la Ley Org\u00e1nica 3\/2018, de 5 de diciembre, de Protecci\u00f3n de Datos Personales y garant\u00eda de [&hellip;]\" \/>\n<meta property=\"og:url\" content=\"https:\/\/can-cun.es\/en\/privacy-policy\/\" \/>\n<meta property=\"og:site_name\" content=\"Can-Cun | Residencia canina en Alicante\" \/>\n<meta property=\"article:modified_time\" content=\"2022-03-08T10:04:43+00:00\" \/>\n<meta name=\"twitter:card\" content=\"summary_large_image\" \/>\n<script type=\"application\/ld+json\" class=\"yoast-schema-graph\">{\"@context\":\"https:\/\/schema.org\",\"@graph\":[{\"@type\":\"WebSite\",\"@id\":\"https:\/\/can-cun.es\/#website\",\"url\":\"https:\/\/can-cun.es\/\",\"name\":\"Can-Cun | Residencia canina en Alicante\",\"description\":\"Can-Cun | Residencia canina en Alicante\",\"potentialAction\":[{\"@type\":\"SearchAction\",\"target\":{\"@type\":\"EntryPoint\",\"urlTemplate\":\"https:\/\/can-cun.es\/?s={search_term_string}\"},\"query-input\":\"required name=search_term_string\"}],\"inLanguage\":\"en-US\"},{\"@type\":\"WebPage\",\"@id\":\"https:\/\/can-cun.es\/en\/privacy-policy\/#webpage\",\"url\":\"https:\/\/can-cun.es\/en\/privacy-policy\/\",\"name\":\"Privacy Policy - Can-Cun | Residencia canina en Alicante\",\"isPartOf\":{\"@id\":\"https:\/\/can-cun.es\/#website\"},\"datePublished\":\"2022-03-08T10:03:02+00:00\",\"dateModified\":\"2022-03-08T10:04:43+00:00\",\"breadcrumb\":{\"@id\":\"https:\/\/can-cun.es\/en\/privacy-policy\/#breadcrumb\"},\"inLanguage\":\"en-US\",\"potentialAction\":[{\"@type\":\"ReadAction\",\"target\":[\"https:\/\/can-cun.es\/en\/privacy-policy\/\"]}]},{\"@type\":\"BreadcrumbList\",\"@id\":\"https:\/\/can-cun.es\/en\/privacy-policy\/#breadcrumb\",\"itemListElement\":[{\"@type\":\"ListItem\",\"position\":1,\"name\":\"Portada\",\"item\":\"https:\/\/can-cun.es\/en\/\"},{\"@type\":\"ListItem\",\"position\":2,\"name\":\"Privacy Policy\"}]}]}<\/script>\n<!-- \/ Yoast SEO plugin. -->","yoast_head_json":{"title":"Privacy Policy - Can-Cun | Residencia canina en Alicante","robots":{"index":"index","follow":"follow","max-snippet":"max-snippet:-1","max-image-preview":"max-image-preview:large","max-video-preview":"max-video-preview:-1"},"canonical":"https:\/\/can-cun.es\/en\/privacy-policy\/","og_locale":"en_US","og_type":"article","og_title":"Privacy Policy - Can-Cun | Residencia canina en Alicante","og_description":"POL\u00cdTICA DE PRIVACIDAD El objetivo de esta pol\u00edtica es informar a los interesados acerca de los distintos tratamientos realizados por esta organizaci\u00f3n mediante la p\u00e1gina web y que afecten a sus datos personales de conformidad con lo establecido en la Ley Org\u00e1nica 3\/2018, de 5 de diciembre, de Protecci\u00f3n de Datos Personales y garant\u00eda de [&hellip;]","og_url":"https:\/\/can-cun.es\/en\/privacy-policy\/","og_site_name":"Can-Cun | Residencia canina en Alicante","article_modified_time":"2022-03-08T10:04:43+00:00","twitter_card":"summary_large_image","schema":{"@context":"https:\/\/schema.org","@graph":[{"@type":"WebSite","@id":"https:\/\/can-cun.es\/#website","url":"https:\/\/can-cun.es\/","name":"Can-Cun | Residencia canina en Alicante","description":"Can-Cun | Residencia canina en Alicante","potentialAction":[{"@type":"SearchAction","target":{"@type":"EntryPoint","urlTemplate":"https:\/\/can-cun.es\/?s={search_term_string}"},"query-input":"required name=search_term_string"}],"inLanguage":"en-US"},{"@type":"WebPage","@id":"https:\/\/can-cun.es\/en\/privacy-policy\/#webpage","url":"https:\/\/can-cun.es\/en\/privacy-policy\/","name":"Privacy Policy - Can-Cun | Residencia canina en Alicante","isPartOf":{"@id":"https:\/\/can-cun.es\/#website"},"datePublished":"2022-03-08T10:03:02+00:00","dateModified":"2022-03-08T10:04:43+00:00","breadcrumb":{"@id":"https:\/\/can-cun.es\/en\/privacy-policy\/#breadcrumb"},"inLanguage":"en-US","potentialAction":[{"@type":"ReadAction","target":["https:\/\/can-cun.es\/en\/privacy-policy\/"]}]},{"@type":"BreadcrumbList","@id":"https:\/\/can-cun.es\/en\/privacy-policy\/#breadcrumb","itemListElement":[{"@type":"ListItem","position":1,"name":"Portada","item":"https:\/\/can-cun.es\/en\/"},{"@type":"ListItem","position":2,"name":"Privacy Policy"}]}]}},"_links":{"self":[{"href":"https:\/\/can-cun.es\/en\/wp-json\/wp\/v2\/pages\/923","targetHints":{"allow":["GET"]}}],"collection":[{"href":"https:\/\/can-cun.es\/en\/wp-json\/wp\/v2\/pages"}],"about":[{"href":"https:\/\/can-cun.es\/en\/wp-json\/wp\/v2\/types\/page"}],"author":[{"embeddable":true,"href":"https:\/\/can-cun.es\/en\/wp-json\/wp\/v2\/users\/1"}],"replies":[{"embeddable":true,"href":"https:\/\/can-cun.es\/en\/wp-json\/wp\/v2\/comments?post=923"}],"version-history":[{"count":2,"href":"https:\/\/can-cun.es\/en\/wp-json\/wp\/v2\/pages\/923\/revisions"}],"predecessor-version":[{"id":929,"href":"https:\/\/can-cun.es\/en\/wp-json\/wp\/v2\/pages\/923\/revisions\/929"}],"wp:attachment":[{"href":"https:\/\/can-cun.es\/en\/wp-json\/wp\/v2\/media?parent=923"}],"curies":[{"name":"wp","href":"https:\/\/api.w.org\/{rel}","templated":true}]}}